{"version":"1.0","provider_name":"Caminando Fronteras","provider_url":"https:\/\/caminandofronteras.org\/fr\/","author_name":"caminandofronteras","author_url":"https:\/\/caminandofronteras.org\/fr\/author\/caminandofronteras\/","title":"Victimes de la n\u00e9crofronti\u00e8re 2018-2022. Pour la m\u00e9moire et la justice - Caminando Fronteras","type":"rich","width":600,"height":338,"html":"<blockquote class=\"wp-embedded-content\" data-secret=\"TQhXJw5YfC\"><a href=\"https:\/\/caminandofronteras.org\/fr\/monitoreo\/victimas-necrofrontera-2018-2022\/\">Victimes de la n\u00e9crofronti\u00e8re 2018-2022. Pour la m\u00e9moire et la justice<\/a><\/blockquote><iframe sandbox=\"allow-scripts\" security=\"restricted\" src=\"https:\/\/caminandofronteras.org\/fr\/monitoreo\/victimas-necrofrontera-2018-2022\/embed\/#?secret=TQhXJw5YfC\" width=\"600\" height=\"338\" title=\"\u00ab\u00a0Victimes de la n\u00e9crofronti\u00e8re 2018-2022. Pour la m\u00e9moire et la justice\u00a0\u00bb &#8212; Caminando Fronteras\" data-secret=\"TQhXJw5YfC\" frameborder=\"0\" marginwidth=\"0\" marginheight=\"0\" scrolling=\"no\" class=\"wp-embedded-content\"><\/iframe><script>\n\/*! This file is auto-generated *\/\n!function(d,l){\"use strict\";l.querySelector&&d.addEventListener&&\"undefined\"!=typeof URL&&(d.wp=d.wp||{},d.wp.receiveEmbedMessage||(d.wp.receiveEmbedMessage=function(e){var t=e.data;if((t||t.secret||t.message||t.value)&&!\/[^a-zA-Z0-9]\/.test(t.secret)){for(var s,r,n,a=l.querySelectorAll('iframe[data-secret=\"'+t.secret+'\"]'),o=l.querySelectorAll('blockquote[data-secret=\"'+t.secret+'\"]'),c=new RegExp(\"^https?:$\",\"i\"),i=0;i<o.length;i++)o[i].style.display=\"none\";for(i=0;i<a.length;i++)s=a[i],e.source===s.contentWindow&&(s.removeAttribute(\"style\"),\"height\"===t.message?(1e3<(r=parseInt(t.value,10))?r=1e3:~~r<200&&(r=200),s.height=r):\"link\"===t.message&&(r=new URL(s.getAttribute(\"src\")),n=new URL(t.value),c.test(n.protocol))&&n.host===r.host&&l.activeElement===s&&(d.top.location.href=t.value))}},d.addEventListener(\"message\",d.wp.receiveEmbedMessage,!1),l.addEventListener(\"DOMContentLoaded\",function(){for(var e,t,s=l.querySelectorAll(\"iframe.wp-embedded-content\"),r=0;r<s.length;r++)(t=(e=s[r]).getAttribute(\"data-secret\"))||(t=Math.random().toString(36).substring(2,12),e.src+=\"#?secret=\"+t,e.setAttribute(\"data-secret\",t)),e.contentWindow.postMessage({message:\"ready\",secret:t},\"*\")},!1)))}(window,document);\n\/\/# sourceURL=https:\/\/caminandofronteras.org\/wp-includes\/js\/wp-embed.min.js\n<\/script>\n","thumbnail_url":"https:\/\/caminandofronteras.org\/wp-content\/uploads\/2022\/12\/DALV-1822-imag-destac-1920x1080-1.jpg","thumbnail_width":1920,"thumbnail_height":1080,"description":"Les donn\u00e9es pr\u00e9sent\u00e9es ci-dessous sont le r\u00e9sultat d&rsquo;un suivi exhaustif effectu\u00e9 365 jours par an par notre Collectif au cours des cinq derni\u00e8res ann\u00e9es. Les communaut\u00e9s migrantes, les services de secours, les r\u00e9seaux familiaux et les d\u00e9fenseur.e.s des droits humains sur le terrain collectent, comparent et syst\u00e9matisent les informations n\u00e9cessaires. Ce travail s&rsquo;inscrit dans le ... Lire plus"}