{"version":"1.0","provider_name":"Caminando Fronteras","provider_url":"https:\/\/caminandofronteras.org\/fr\/","author_name":"nodocomun","author_url":"https:\/\/caminandofronteras.org\/fr\/author\/nodocomun\/","title":"Rapport \u00ab Apr\u00e8s la fronti\u00e8re \u00bb - Caminando Fronteras","type":"rich","width":600,"height":338,"html":"<blockquote class=\"wp-embedded-content\" data-secret=\"s66ketlpZL\"><a href=\"https:\/\/caminandofronteras.org\/fr\/rapport-apres-la-frontiere\/\">Rapport  \u00ab Apr\u00e8s la fronti\u00e8re \u00bb<\/a><\/blockquote><iframe sandbox=\"allow-scripts\" security=\"restricted\" src=\"https:\/\/caminandofronteras.org\/fr\/rapport-apres-la-frontiere\/embed\/#?secret=s66ketlpZL\" width=\"600\" height=\"338\" title=\"\u00ab\u00a0Rapport  \u00ab Apr\u00e8s la fronti\u00e8re \u00bb\u00a0\u00bb &#8212; Caminando Fronteras\" data-secret=\"s66ketlpZL\" frameborder=\"0\" marginwidth=\"0\" marginheight=\"0\" scrolling=\"no\" class=\"wp-embedded-content\"><\/iframe><script>\n\/*! This file is auto-generated *\/\n!function(d,l){\"use strict\";l.querySelector&&d.addEventListener&&\"undefined\"!=typeof URL&&(d.wp=d.wp||{},d.wp.receiveEmbedMessage||(d.wp.receiveEmbedMessage=function(e){var t=e.data;if((t||t.secret||t.message||t.value)&&!\/[^a-zA-Z0-9]\/.test(t.secret)){for(var s,r,n,a=l.querySelectorAll('iframe[data-secret=\"'+t.secret+'\"]'),o=l.querySelectorAll('blockquote[data-secret=\"'+t.secret+'\"]'),c=new RegExp(\"^https?:$\",\"i\"),i=0;i<o.length;i++)o[i].style.display=\"none\";for(i=0;i<a.length;i++)s=a[i],e.source===s.contentWindow&&(s.removeAttribute(\"style\"),\"height\"===t.message?(1e3<(r=parseInt(t.value,10))?r=1e3:~~r<200&&(r=200),s.height=r):\"link\"===t.message&&(r=new URL(s.getAttribute(\"src\")),n=new URL(t.value),c.test(n.protocol))&&n.host===r.host&&l.activeElement===s&&(d.top.location.href=t.value))}},d.addEventListener(\"message\",d.wp.receiveEmbedMessage,!1),l.addEventListener(\"DOMContentLoaded\",function(){for(var e,t,s=l.querySelectorAll(\"iframe.wp-embedded-content\"),r=0;r<s.length;r++)(t=(e=s[r]).getAttribute(\"data-secret\"))||(t=Math.random().toString(36).substring(2,12),e.src+=\"#?secret=\"+t,e.setAttribute(\"data-secret\",t)),e.contentWindow.postMessage({message:\"ready\",secret:t},\"*\")},!1)))}(window,document);\n\/\/# sourceURL=https:\/\/caminandofronteras.org\/wp-includes\/js\/wp-embed.min.js\n<\/script>\n","thumbnail_url":"https:\/\/caminandofronteras.org\/wp-content\/uploads\/2020\/12\/Captura-de-pantalla-2020-12-11-a-las-13.59.07-1024x726.png","thumbnail_width":1024,"thumbnail_height":726,"description":"Ils le disent eux-m\u00eames&nbsp;: c\u2019est une v\u00e9ritable guerre. Ndeubi Marie r\u00e9clame justice au nom de son fils Larios, mort au cours de la \u00ab&nbsp;bataille&nbsp;de Tarajal&nbsp;\u00bb, le 6 f\u00e9vrier 2014. Une m\u00e8re traumatis\u00e9e dont le seul d\u00e9sir, encore aujourd\u2019hui, est d\u2019avoir la possibilit\u00e9 de voir o\u00f9 repose Larios, de ramener ses cendres et lui c\u00e9l\u00e9brer de ... Lire plus"}