{"id":36179,"date":"2021-07-07T10:00:00","date_gmt":"2021-07-07T09:00:00","guid":{"rendered":"https:\/\/caminandofronteras.org\/monitoreo\/suivi-du-droit-a-la-vie-2021\/"},"modified":"2023-03-25T14:07:10","modified_gmt":"2023-03-25T13:07:10","slug":"suivi-du-droit-a-la-vie-2021","status":"publish","type":"monitoreo","link":"https:\/\/caminandofronteras.org\/fr\/monitoreo\/suivi-du-droit-a-la-vie-2021\/","title":{"rendered":"Suivi du Droit \u00e0 la Vie 2021"},"content":{"rendered":"\n<p>Les donn\u00e9es pr\u00e9sent\u00e9es ci-dessous sont le fruit d\u2019un suivi exhaustif effectu\u00e9 365 jours par an par notre Collectif. Communaut\u00e9s de migrants, services de secours, r\u00e9seaux familiaux et d\u00e9fenseurs des droits humains sur le terrain, nous collectons, comparons et syst\u00e9matisons les informations n\u00e9cessaires.<\/p>\n\n\n\n<p><strong>T\u00e9l\u00e9chargez le rapport complet ici : Suivi D\u00c0LV &#8211; 2021<\/strong><\/p>\n\n\n\n<p>.<\/p>\n\n\n\n<p>4404 personnes meurent en 2021 sur les voies d&rsquo;acc\u00e8s \u00e0 l&rsquo;Espagne. La pire ann\u00e9e de la s\u00e9rie historique. Les chiffres pr\u00e9sent\u00e9s dans le cadre de ce suivi visent \u00e0 fournir des informations aux processus de v\u00e9rit\u00e9, men\u00e9s par les communaut\u00e9s de migrants et les familles des victimes, sur ce qui se passe \u00e0 la fronti\u00e8re occidentale euro-africaine. Ces donn\u00e9es sont donc pr\u00e9sent\u00e9es comme une \u00e9tape n\u00e9cessaire sur le chemin de la r\u00e9paration des morts et des disparus, en les rendant visibles. Ils visent \u00e9galement \u00e0 \u00eatre un outil de plaidoyer pour promouvoir des politiques de justice et de non-r\u00e9p\u00e9tition \u00e0 la fronti\u00e8re.<\/p>\n\n\n\n<p>La syst\u00e9matisation des informations sur les victimes que notre collectif apporte depuis 2016 nous permet d&rsquo;avoir une perspective diachronique pour analyser les dynamiques de la n\u00e9cropolitique dans les territoires frontaliers.<\/p>\n\n\n\n<p>L&rsquo;obtention de donn\u00e9es sur les d\u00e9c\u00e8s de personnes en d\u00e9placement est un processus complexe, car elles voyagent par des voies irr\u00e9guli\u00e8res o\u00f9 leurs droits ne sont pas reconnus, ce qui permet m\u00eame aux \u00c9tats de nier leur existence. En outre, \u00e0 la fronti\u00e8re occidentale euro-africaine, la grande majorit\u00e9 des d\u00e9c\u00e8s se produisent en mer, o\u00f9 la plupart des corps disparaissent et o\u00f9 il n&rsquo;existe aucune trace d&rsquo;eux. Derri\u00e8re ces chiffres se cache donc un exercice de respect de la m\u00e9moire des victimes face \u00e0 l&rsquo;ignominie de leurs propres auteurs.\r\n\r\n&nbsp;<\/p>\n\n\n\n<p>Malgr\u00e9 ces difficult\u00e9s \u00e0 documenter le nombre de personnes tu\u00e9es et disparues sur les voies d&rsquo;acc\u00e8s \u00e0 l&rsquo;Espagne, le travail que notre collectif r\u00e9alise \u00e0 l&rsquo;Observatoire des droits de l&rsquo;homme nous a permis de v\u00e9rifier de mani\u00e8re exhaustive les chiffres pr\u00e9sent\u00e9s dans ce rapport. Toutes les donn\u00e9es proviennent de sources primaires et sont trait\u00e9es par nos bases de donn\u00e9es. Cela nous permet de traiter les chiffres, dans le but de restituer les r\u00e9sultats aux communaut\u00e9s migrantes, aux familles des victimes et au reste de la soci\u00e9t\u00e9 dans son ensemble, afin de contribuer \u00e0 la cr\u00e9ation d&rsquo;actions de d\u00e9fense de la vie face \u00e0 la n\u00e9cropolitique.\r\n\r\n&nbsp;<\/p>\n\n\n\n<p><strong>T\u00e9l\u00e9chargez le rapport complet ici : Suivi D\u00c0LV &#8211; 2021<\/strong><\/p>\n\n\n\n<p>.<\/p>\n\n\n\n<p><\/p>\n","protected":false},"excerpt":{"rendered":"<p>Les donn\u00e9es pr\u00e9sent\u00e9es ci-dessous sont le fruit d\u2019un suivi exhaustif effectu\u00e9 365 jours par an par notre Collectif. Communaut\u00e9s de migrants, services de secours, r\u00e9seaux familiaux et d\u00e9fenseurs des droits humains sur le terrain, nous collectons, comparons et syst\u00e9matisons les informations n\u00e9cessaires. T\u00e9l\u00e9chargez le rapport complet ici : Suivi D\u00c0LV &#8211; 2021 . 4404 personnes &#8230; <a title=\"Suivi du Droit \u00e0 la Vie 2021\" class=\"read-more\" href=\"https:\/\/caminandofronteras.org\/fr\/monitoreo\/suivi-du-droit-a-la-vie-2021\/\" aria-label=\"En savoir plus sur Suivi du Droit \u00e0 la Vie 2021\">Lire plus<\/a><\/p>\n","protected":false},"author":2,"featured_media":36181,"menu_order":0,"comment_status":"open","ping_status":"closed","template":"","format":"standard","meta":{"_acf_changed":false,"_coblocks_attr":"","_coblocks_dimensions":"","_coblocks_responsive_height":"","_coblocks_accordion_ie_support":"","pgc_sgb_lightbox_settings":"","footnotes":""},"categories":[],"tags":[],"class_list":["post-36179","monitoreo","type-monitoreo","status-publish","format-standard","has-post-thumbnail","hentry"],"acf":[],"yoast_head":"<!-- This site is optimized with the Yoast SEO plugin v27.3 - https:\/\/yoast.com\/product\/yoast-seo-wordpress\/ -->\n<title>Suivi du Droit \u00e0 la Vie 2021 - Caminando Fronteras<\/title>\n<meta name=\"robots\" content=\"index, follow, max-snippet:-1, max-image-preview:large, max-video-preview:-1\" \/>\n<link rel=\"canonical\" href=\"https:\/\/caminandofronteras.org\/fr\/monitoreo\/suivi-du-droit-a-la-vie-2021\/\" \/>\n<meta property=\"og:locale\" content=\"fr_FR\" \/>\n<meta property=\"og:type\" content=\"article\" \/>\n<meta property=\"og:title\" content=\"Suivi du Droit \u00e0 la Vie 2021 - Caminando Fronteras\" \/>\n<meta property=\"og:description\" content=\"Les donn\u00e9es pr\u00e9sent\u00e9es ci-dessous sont le fruit d\u2019un suivi exhaustif effectu\u00e9 365 jours par an par notre Collectif. Communaut\u00e9s de migrants, services de secours, r\u00e9seaux familiaux et d\u00e9fenseurs des droits humains sur le terrain, nous collectons, comparons et syst\u00e9matisons les informations n\u00e9cessaires. T\u00e9l\u00e9chargez le rapport complet ici : Suivi D\u00c0LV &#8211; 2021 . 4404 personnes ... Lire plus\" \/>\n<meta property=\"og:url\" content=\"https:\/\/caminandofronteras.org\/fr\/monitoreo\/suivi-du-droit-a-la-vie-2021\/\" \/>\n<meta property=\"og:site_name\" content=\"Caminando Fronteras\" \/>\n<meta property=\"article:modified_time\" content=\"2023-03-25T13:07:10+00:00\" \/>\n<meta property=\"og:image\" content=\"https:\/\/caminandofronteras.org\/wp-content\/uploads\/2022\/01\/portada-droitalavie.png\" \/>\n\t<meta property=\"og:image:width\" content=\"1920\" \/>\n\t<meta property=\"og:image:height\" content=\"1080\" \/>\n\t<meta property=\"og:image:type\" content=\"image\/png\" \/>\n<meta name=\"twitter:card\" content=\"summary_large_image\" \/>\n<meta name=\"twitter:label1\" content=\"Dur\u00e9e de lecture estim\u00e9e\" \/>\n\t<meta name=\"twitter:data1\" content=\"2 minutes\" \/>\n<script type=\"application\/ld+json\" class=\"yoast-schema-graph\">{\"@context\":\"https:\\\/\\\/schema.org\",\"@graph\":[{\"@type\":\"WebPage\",\"@id\":\"https:\\\/\\\/caminandofronteras.org\\\/fr\\\/monitoreo\\\/suivi-du-droit-a-la-vie-2021\\\/\",\"url\":\"https:\\\/\\\/caminandofronteras.org\\\/fr\\\/monitoreo\\\/suivi-du-droit-a-la-vie-2021\\\/\",\"name\":\"Suivi du Droit \u00e0 la Vie 2021 - Caminando Fronteras\",\"isPartOf\":{\"@id\":\"https:\\\/\\\/caminandofronteras.org\\\/fr\\\/#website\"},\"primaryImageOfPage\":{\"@id\":\"https:\\\/\\\/caminandofronteras.org\\\/fr\\\/monitoreo\\\/suivi-du-droit-a-la-vie-2021\\\/#primaryimage\"},\"image\":{\"@id\":\"https:\\\/\\\/caminandofronteras.org\\\/fr\\\/monitoreo\\\/suivi-du-droit-a-la-vie-2021\\\/#primaryimage\"},\"thumbnailUrl\":\"https:\\\/\\\/caminandofronteras.org\\\/wp-content\\\/uploads\\\/2022\\\/01\\\/portada-droitalavie.png\",\"datePublished\":\"2021-07-07T09:00:00+00:00\",\"dateModified\":\"2023-03-25T13:07:10+00:00\",\"breadcrumb\":{\"@id\":\"https:\\\/\\\/caminandofronteras.org\\\/fr\\\/monitoreo\\\/suivi-du-droit-a-la-vie-2021\\\/#breadcrumb\"},\"inLanguage\":\"fr-FR\",\"potentialAction\":[{\"@type\":\"ReadAction\",\"target\":[\"https:\\\/\\\/caminandofronteras.org\\\/fr\\\/monitoreo\\\/suivi-du-droit-a-la-vie-2021\\\/\"]}]},{\"@type\":\"ImageObject\",\"inLanguage\":\"fr-FR\",\"@id\":\"https:\\\/\\\/caminandofronteras.org\\\/fr\\\/monitoreo\\\/suivi-du-droit-a-la-vie-2021\\\/#primaryimage\",\"url\":\"https:\\\/\\\/caminandofronteras.org\\\/wp-content\\\/uploads\\\/2022\\\/01\\\/portada-droitalavie.png\",\"contentUrl\":\"https:\\\/\\\/caminandofronteras.org\\\/wp-content\\\/uploads\\\/2022\\\/01\\\/portada-droitalavie.png\",\"width\":1920,\"height\":1080},{\"@type\":\"BreadcrumbList\",\"@id\":\"https:\\\/\\\/caminandofronteras.org\\\/fr\\\/monitoreo\\\/suivi-du-droit-a-la-vie-2021\\\/#breadcrumb\",\"itemListElement\":[{\"@type\":\"ListItem\",\"position\":1,\"name\":\"Portada\",\"item\":\"https:\\\/\\\/caminandofronteras.org\\\/fr\\\/\"},{\"@type\":\"ListItem\",\"position\":2,\"name\":\"Monitoreos\",\"item\":\"https:\\\/\\\/caminandofronteras.org\\\/fr\\\/monitoreo\\\/\"},{\"@type\":\"ListItem\",\"position\":3,\"name\":\"Suivi du Droit \u00e0 la Vie 2021\"}]},{\"@type\":\"WebSite\",\"@id\":\"https:\\\/\\\/caminandofronteras.org\\\/fr\\\/#website\",\"url\":\"https:\\\/\\\/caminandofronteras.org\\\/fr\\\/\",\"name\":\"Caminando Fronteras\",\"description\":\"Construyendo comunidad migrante\",\"publisher\":{\"@id\":\"https:\\\/\\\/caminandofronteras.org\\\/fr\\\/#organization\"},\"potentialAction\":[{\"@type\":\"SearchAction\",\"target\":{\"@type\":\"EntryPoint\",\"urlTemplate\":\"https:\\\/\\\/caminandofronteras.org\\\/fr\\\/?s={search_term_string}\"},\"query-input\":{\"@type\":\"PropertyValueSpecification\",\"valueRequired\":true,\"valueName\":\"search_term_string\"}}],\"inLanguage\":\"fr-FR\"},{\"@type\":\"Organization\",\"@id\":\"https:\\\/\\\/caminandofronteras.org\\\/fr\\\/#organization\",\"name\":\"Caminando Fronteras\",\"url\":\"https:\\\/\\\/caminandofronteras.org\\\/fr\\\/\",\"logo\":{\"@type\":\"ImageObject\",\"inLanguage\":\"fr-FR\",\"@id\":\"https:\\\/\\\/caminandofronteras.org\\\/fr\\\/#\\\/schema\\\/logo\\\/image\\\/\",\"url\":\"https:\\\/\\\/caminandofronteras.org\\\/wp-content\\\/uploads\\\/2020\\\/02\\\/cff-negro.svg\",\"contentUrl\":\"https:\\\/\\\/caminandofronteras.org\\\/wp-content\\\/uploads\\\/2020\\\/02\\\/cff-negro.svg\",\"width\":758,\"height\":320,\"caption\":\"Caminando Fronteras\"},\"image\":{\"@id\":\"https:\\\/\\\/caminandofronteras.org\\\/fr\\\/#\\\/schema\\\/logo\\\/image\\\/\"}}]}<\/script>\n<!-- \/ Yoast SEO plugin. -->","yoast_head_json":{"title":"Suivi du Droit \u00e0 la Vie 2021 - Caminando Fronteras","robots":{"index":"index","follow":"follow","max-snippet":"max-snippet:-1","max-image-preview":"max-image-preview:large","max-video-preview":"max-video-preview:-1"},"canonical":"https:\/\/caminandofronteras.org\/fr\/monitoreo\/suivi-du-droit-a-la-vie-2021\/","og_locale":"fr_FR","og_type":"article","og_title":"Suivi du Droit \u00e0 la Vie 2021 - Caminando Fronteras","og_description":"Les donn\u00e9es pr\u00e9sent\u00e9es ci-dessous sont le fruit d\u2019un suivi exhaustif effectu\u00e9 365 jours par an par notre Collectif. Communaut\u00e9s de migrants, services de secours, r\u00e9seaux familiaux et d\u00e9fenseurs des droits humains sur le terrain, nous collectons, comparons et syst\u00e9matisons les informations n\u00e9cessaires. T\u00e9l\u00e9chargez le rapport complet ici : Suivi D\u00c0LV &#8211; 2021 . 4404 personnes ... Lire plus","og_url":"https:\/\/caminandofronteras.org\/fr\/monitoreo\/suivi-du-droit-a-la-vie-2021\/","og_site_name":"Caminando Fronteras","article_modified_time":"2023-03-25T13:07:10+00:00","og_image":[{"width":1920,"height":1080,"url":"https:\/\/caminandofronteras.org\/wp-content\/uploads\/2022\/01\/portada-droitalavie.png","type":"image\/png"}],"twitter_card":"summary_large_image","twitter_misc":{"Dur\u00e9e de lecture estim\u00e9e":"2 minutes"},"schema":{"@context":"https:\/\/schema.org","@graph":[{"@type":"WebPage","@id":"https:\/\/caminandofronteras.org\/fr\/monitoreo\/suivi-du-droit-a-la-vie-2021\/","url":"https:\/\/caminandofronteras.org\/fr\/monitoreo\/suivi-du-droit-a-la-vie-2021\/","name":"Suivi du Droit \u00e0 la Vie 2021 - Caminando Fronteras","isPartOf":{"@id":"https:\/\/caminandofronteras.org\/fr\/#website"},"primaryImageOfPage":{"@id":"https:\/\/caminandofronteras.org\/fr\/monitoreo\/suivi-du-droit-a-la-vie-2021\/#primaryimage"},"image":{"@id":"https:\/\/caminandofronteras.org\/fr\/monitoreo\/suivi-du-droit-a-la-vie-2021\/#primaryimage"},"thumbnailUrl":"https:\/\/caminandofronteras.org\/wp-content\/uploads\/2022\/01\/portada-droitalavie.png","datePublished":"2021-07-07T09:00:00+00:00","dateModified":"2023-03-25T13:07:10+00:00","breadcrumb":{"@id":"https:\/\/caminandofronteras.org\/fr\/monitoreo\/suivi-du-droit-a-la-vie-2021\/#breadcrumb"},"inLanguage":"fr-FR","potentialAction":[{"@type":"ReadAction","target":["https:\/\/caminandofronteras.org\/fr\/monitoreo\/suivi-du-droit-a-la-vie-2021\/"]}]},{"@type":"ImageObject","inLanguage":"fr-FR","@id":"https:\/\/caminandofronteras.org\/fr\/monitoreo\/suivi-du-droit-a-la-vie-2021\/#primaryimage","url":"https:\/\/caminandofronteras.org\/wp-content\/uploads\/2022\/01\/portada-droitalavie.png","contentUrl":"https:\/\/caminandofronteras.org\/wp-content\/uploads\/2022\/01\/portada-droitalavie.png","width":1920,"height":1080},{"@type":"BreadcrumbList","@id":"https:\/\/caminandofronteras.org\/fr\/monitoreo\/suivi-du-droit-a-la-vie-2021\/#breadcrumb","itemListElement":[{"@type":"ListItem","position":1,"name":"Portada","item":"https:\/\/caminandofronteras.org\/fr\/"},{"@type":"ListItem","position":2,"name":"Monitoreos","item":"https:\/\/caminandofronteras.org\/fr\/monitoreo\/"},{"@type":"ListItem","position":3,"name":"Suivi du Droit \u00e0 la Vie 2021"}]},{"@type":"WebSite","@id":"https:\/\/caminandofronteras.org\/fr\/#website","url":"https:\/\/caminandofronteras.org\/fr\/","name":"Caminando Fronteras","description":"Construyendo comunidad migrante","publisher":{"@id":"https:\/\/caminandofronteras.org\/fr\/#organization"},"potentialAction":[{"@type":"SearchAction","target":{"@type":"EntryPoint","urlTemplate":"https:\/\/caminandofronteras.org\/fr\/?s={search_term_string}"},"query-input":{"@type":"PropertyValueSpecification","valueRequired":true,"valueName":"search_term_string"}}],"inLanguage":"fr-FR"},{"@type":"Organization","@id":"https:\/\/caminandofronteras.org\/fr\/#organization","name":"Caminando Fronteras","url":"https:\/\/caminandofronteras.org\/fr\/","logo":{"@type":"ImageObject","inLanguage":"fr-FR","@id":"https:\/\/caminandofronteras.org\/fr\/#\/schema\/logo\/image\/","url":"https:\/\/caminandofronteras.org\/wp-content\/uploads\/2020\/02\/cff-negro.svg","contentUrl":"https:\/\/caminandofronteras.org\/wp-content\/uploads\/2020\/02\/cff-negro.svg","width":758,"height":320,"caption":"Caminando Fronteras"},"image":{"@id":"https:\/\/caminandofronteras.org\/fr\/#\/schema\/logo\/image\/"}}]}},"_links":{"self":[{"href":"https:\/\/caminandofronteras.org\/fr\/wp-json\/wp\/v2\/monitoreo\/36179","targetHints":{"allow":["GET"]}}],"collection":[{"href":"https:\/\/caminandofronteras.org\/fr\/wp-json\/wp\/v2\/monitoreo"}],"about":[{"href":"https:\/\/caminandofronteras.org\/fr\/wp-json\/wp\/v2\/types\/monitoreo"}],"author":[{"embeddable":true,"href":"https:\/\/caminandofronteras.org\/fr\/wp-json\/wp\/v2\/users\/2"}],"replies":[{"embeddable":true,"href":"https:\/\/caminandofronteras.org\/fr\/wp-json\/wp\/v2\/comments?post=36179"}],"version-history":[{"count":11,"href":"https:\/\/caminandofronteras.org\/fr\/wp-json\/wp\/v2\/monitoreo\/36179\/revisions"}],"predecessor-version":[{"id":40332,"href":"https:\/\/caminandofronteras.org\/fr\/wp-json\/wp\/v2\/monitoreo\/36179\/revisions\/40332"}],"wp:featuredmedia":[{"embeddable":true,"href":"https:\/\/caminandofronteras.org\/fr\/wp-json\/wp\/v2\/media\/36181"}],"wp:attachment":[{"href":"https:\/\/caminandofronteras.org\/fr\/wp-json\/wp\/v2\/media?parent=36179"}],"wp:term":[{"taxonomy":"category","embeddable":true,"href":"https:\/\/caminandofronteras.org\/fr\/wp-json\/wp\/v2\/categories?post=36179"},{"taxonomy":"post_tag","embeddable":true,"href":"https:\/\/caminandofronteras.org\/fr\/wp-json\/wp\/v2\/tags?post=36179"}],"curies":[{"name":"wp","href":"https:\/\/api.w.org\/{rel}","templated":true}]}}