{"id":42322,"date":"2024-01-09T09:00:31","date_gmt":"2024-01-09T08:00:31","guid":{"rendered":"https:\/\/caminandofronteras.org\/?post_type=monitoreo&#038;p=42322"},"modified":"2024-02-14T20:16:21","modified_gmt":"2024-02-14T19:16:21","slug":"suivi-droit-a-la-vie-2023","status":"publish","type":"monitoreo","link":"https:\/\/caminandofronteras.org\/fr\/monitoreo\/suivi-droit-a-la-vie-2023\/","title":{"rendered":"RAPPORT DE SUIVI DU DROIT A LA VIE &#8211; ANN\u00c9E 2023"},"content":{"rendered":"\n<p><em><em>Les donn\u00e9es pr\u00e9sent\u00e9es ci-dessous sont le r\u00e9sultat d&rsquo;un suivi exhaustif r\u00e9alis\u00e9 365 jours par an par notre Collectif dans le cadre de notre Observatoire des droits aux fronti\u00e8res. Les communaut\u00e9s migrantes, les services de secours, les r\u00e9seaux familiaux et les d\u00e9fenseuses des droits humains sur le terrain collectent, comparent et syst\u00e9matisent les informations n\u00e9cessaires.<\/em><\/em><\/p>\n\n\n\n<p>En 2023, <strong>18 personnes sont mortes chaque jour<\/strong> sur les diff\u00e9rentes routes migratoires vers l&rsquo;Espagne. Le rapport de suivi du Droit \u00e0 la Vie, qui recueille des donn\u00e9es sur les victimes d&rsquo;une n\u00e9cropolitique de plus en plus cruelle et agressive \u00e0 l&rsquo;\u00e9gard des droits humains, a r\u00e9v\u00e9l\u00e9 que <strong>2023 a \u00e9t\u00e9 l&rsquo;ann\u00e9e la plus meurtri\u00e8re depuis que nous disposons de registres<\/strong>. Pas moins de 6.618 personnes ont perdu la vie sur la Fronti\u00e8re Occidentale Eurafricaine, dont 363 femmes et 384 enfants.<\/p>\n\n\n\n<p>La route des Canaries, qui traverse l&rsquo;oc\u00e9an Atlantique, est une fois de plus la r\u00e9gion migratoire la plus meurtri\u00e8re au monde. Dans cette zone de transit, l&rsquo;augmentation des d\u00e9parts depuis les endroits les plus \u00e9loign\u00e9s de la route, tels que la Mauritanie, le S\u00e9n\u00e9gal et la Gambie, doit \u00eatre soulign\u00e9e cette ann\u00e9e. Plus pr\u00e9cis\u00e9ment, \u00e0 partir du mois de juin, l&rsquo;augmentation du nombre de pirogues en provenance du S\u00e9n\u00e9gal t\u00e9moigne de l&rsquo;exode de sa population caus\u00e9 par la grande instabilit\u00e9 sociale et politique du pays.<\/p>\n\n\n\n<p>Le rapport analyse en d\u00e9tail les diff\u00e9rentes routes migratoires dans l&rsquo;Atlantique \u00e0 partir de ces pays, sans oublier les flux de personnes dans les zones c\u00f4ti\u00e8res entre Agadir et Dakhla.&nbsp; Notre suivi a \u00e9galement continu\u00e9 \u00e0 pr\u00eater attention aux victimes dans la zone m\u00e9diterran\u00e9enne, y compris la route alg\u00e9rienne, Alboran et le d\u00e9troit de Gibraltar.<\/p>\n\n\n\n<p>Notre Observatoire des droits humains, par le biais de son \u00e9quipe de recherche, a analys\u00e9 les donn\u00e9es pr\u00e9sent\u00e9es dans ce rapport afin de d\u00e9finir les causes de l&rsquo;augmentation du nombre de d\u00e9c\u00e8s. Parmi les causes les plus graves figurent la <strong>priorit\u00e9 donn\u00e9e au contr\u00f4le des fronti\u00e8res sur le devoir de sauvetage<\/strong>, l&rsquo;incapacit\u00e9 \u00e0 activer les ressources de recherche et de sauvetage avec l&rsquo;urgence n\u00e9cessaire, la pratique de plus en plus courante des recherches passives, l&rsquo;impact de l&rsquo;externalisation des fronti\u00e8res avec les pays tiers et la r\u00e9duction des ressources consacr\u00e9es \u00e0 la protection de la vie.<\/p>\n\n\n\n<p>Les chiffres de ce rapport ne pourraient \u00eatre plus alarmants, et les pratiques de contr\u00f4le migratoire de plus en plus meurtri\u00e8res que nous observons \u00e0 la Fronti\u00e8re Occidentale Eurafricaine sont \u00e9galement observ\u00e9es \u00e0 d&rsquo;autres fronti\u00e8res europ\u00e9ennes. Ces donn\u00e9es sont donc destin\u00e9es \u00e0 <strong>\u00e9clairer les processus de v\u00e9rit\u00e9<\/strong> men\u00e9s par les communaut\u00e9s migrantes et les familles de victimes face \u00e0 la n\u00e9cropolitique. Ce rapport et ceux qui l&rsquo;ont pr\u00e9c\u00e9d\u00e9 sont \u00e9galement des \u00e9tapes vers la r\u00e9cup\u00e9ration de la m\u00e9moire des victimes et devraient \u00eatre utilis\u00e9s dans des actions de plaidoyer qui luttent contre la politique de la mort aux fronti\u00e8res.<\/p>\n\n\n\n<p>T\u00e9l\u00e9chargez le rapport en fran\u00e7ais <a href=\"https:\/\/bit.ly\/3OKXkW6\">ici<\/a>. Pour les versions espagnole et anglaise, allez au bas de la page.<\/p>\n","protected":false},"excerpt":{"rendered":"<p>Les donn\u00e9es pr\u00e9sent\u00e9es ci-dessous sont le r\u00e9sultat d&rsquo;un suivi exhaustif r\u00e9alis\u00e9 365 jours par an par notre Collectif dans le cadre de notre Observatoire des droits aux fronti\u00e8res. Les communaut\u00e9s migrantes, les services de secours, les r\u00e9seaux familiaux et les d\u00e9fenseuses des droits humains sur le terrain collectent, comparent et syst\u00e9matisent les informations n\u00e9cessaires. En &#8230; <a title=\"RAPPORT DE SUIVI DU DROIT A LA VIE &#8211; ANN\u00c9E 2023\" class=\"read-more\" href=\"https:\/\/caminandofronteras.org\/fr\/monitoreo\/suivi-droit-a-la-vie-2023\/\" aria-label=\"En savoir plus sur RAPPORT DE SUIVI DU DROIT A LA VIE &#8211; ANN\u00c9E 2023\">Lire plus<\/a><\/p>\n","protected":false},"author":9,"featured_media":42295,"menu_order":0,"comment_status":"open","ping_status":"closed","template":"","format":"standard","meta":{"_acf_changed":false,"_coblocks_attr":"","_coblocks_dimensions":"","_coblocks_responsive_height":"","_coblocks_accordion_ie_support":"","pgc_sgb_lightbox_settings":"","footnotes":""},"categories":[205],"tags":[644,493,270,615,482,112,477,594,483,478,485],"class_list":["post-42322","monitoreo","type-monitoreo","status-publish","format-standard","has-post-thumbnail","hentry","category-le-droit-a-la-vie","tag-2023-3","tag-alboran-fr","tag-droit-a-la-vie","tag-droits-humains","tag-frontera-occidental-euroafricana-fr","tag-frontera-sur","tag-frontera-sur-fr","tag-frontiere-euro-africaine-occidentale","tag-informe-fr","tag-ruta-canaria-fr","tag-victimas-de-la-necrofrontera-fr"],"acf":[],"yoast_head":"<!-- This site is optimized with the Yoast SEO plugin v27.3 - https:\/\/yoast.com\/product\/yoast-seo-wordpress\/ -->\n<title>RAPPORT DE SUIVI DU DROIT A LA VIE - ANN\u00c9E 2023 - Caminando Fronteras<\/title>\n<meta name=\"robots\" content=\"index, follow, max-snippet:-1, max-image-preview:large, max-video-preview:-1\" \/>\n<link rel=\"canonical\" href=\"https:\/\/caminandofronteras.org\/fr\/monitoreo\/suivi-droit-a-la-vie-2023\/\" \/>\n<meta property=\"og:locale\" content=\"fr_FR\" \/>\n<meta property=\"og:type\" content=\"article\" \/>\n<meta property=\"og:title\" content=\"RAPPORT DE SUIVI DU DROIT A LA VIE - ANN\u00c9E 2023 - Caminando Fronteras\" \/>\n<meta property=\"og:description\" content=\"Les donn\u00e9es pr\u00e9sent\u00e9es ci-dessous sont le r\u00e9sultat d&rsquo;un suivi exhaustif r\u00e9alis\u00e9 365 jours par an par notre Collectif dans le cadre de notre Observatoire des droits aux fronti\u00e8res. Les communaut\u00e9s migrantes, les services de secours, les r\u00e9seaux familiaux et les d\u00e9fenseuses des droits humains sur le terrain collectent, comparent et syst\u00e9matisent les informations n\u00e9cessaires. En ... Lire plus\" \/>\n<meta property=\"og:url\" content=\"https:\/\/caminandofronteras.org\/fr\/monitoreo\/suivi-droit-a-la-vie-2023\/\" \/>\n<meta property=\"og:site_name\" content=\"Caminando Fronteras\" \/>\n<meta property=\"article:modified_time\" content=\"2024-02-14T19:16:21+00:00\" \/>\n<meta property=\"og:image\" content=\"https:\/\/caminandofronteras.org\/wp-content\/uploads\/2024\/01\/3.jpg\" \/>\n\t<meta property=\"og:image:width\" content=\"1920\" \/>\n\t<meta property=\"og:image:height\" content=\"1080\" \/>\n\t<meta property=\"og:image:type\" content=\"image\/jpeg\" \/>\n<meta name=\"twitter:card\" content=\"summary_large_image\" \/>\n<meta name=\"twitter:label1\" content=\"Dur\u00e9e de lecture estim\u00e9e\" \/>\n\t<meta name=\"twitter:data1\" content=\"3 minutes\" \/>\n<script type=\"application\/ld+json\" class=\"yoast-schema-graph\">{\"@context\":\"https:\\\/\\\/schema.org\",\"@graph\":[{\"@type\":\"WebPage\",\"@id\":\"https:\\\/\\\/caminandofronteras.org\\\/fr\\\/monitoreo\\\/suivi-droit-a-la-vie-2023\\\/\",\"url\":\"https:\\\/\\\/caminandofronteras.org\\\/fr\\\/monitoreo\\\/suivi-droit-a-la-vie-2023\\\/\",\"name\":\"RAPPORT DE SUIVI DU DROIT A LA VIE - ANN\u00c9E 2023 - Caminando Fronteras\",\"isPartOf\":{\"@id\":\"https:\\\/\\\/caminandofronteras.org\\\/fr\\\/#website\"},\"primaryImageOfPage\":{\"@id\":\"https:\\\/\\\/caminandofronteras.org\\\/fr\\\/monitoreo\\\/suivi-droit-a-la-vie-2023\\\/#primaryimage\"},\"image\":{\"@id\":\"https:\\\/\\\/caminandofronteras.org\\\/fr\\\/monitoreo\\\/suivi-droit-a-la-vie-2023\\\/#primaryimage\"},\"thumbnailUrl\":\"https:\\\/\\\/caminandofronteras.org\\\/wp-content\\\/uploads\\\/2024\\\/01\\\/3.jpg\",\"datePublished\":\"2024-01-09T08:00:31+00:00\",\"dateModified\":\"2024-02-14T19:16:21+00:00\",\"breadcrumb\":{\"@id\":\"https:\\\/\\\/caminandofronteras.org\\\/fr\\\/monitoreo\\\/suivi-droit-a-la-vie-2023\\\/#breadcrumb\"},\"inLanguage\":\"fr-FR\",\"potentialAction\":[{\"@type\":\"ReadAction\",\"target\":[\"https:\\\/\\\/caminandofronteras.org\\\/fr\\\/monitoreo\\\/suivi-droit-a-la-vie-2023\\\/\"]}]},{\"@type\":\"ImageObject\",\"inLanguage\":\"fr-FR\",\"@id\":\"https:\\\/\\\/caminandofronteras.org\\\/fr\\\/monitoreo\\\/suivi-droit-a-la-vie-2023\\\/#primaryimage\",\"url\":\"https:\\\/\\\/caminandofronteras.org\\\/wp-content\\\/uploads\\\/2024\\\/01\\\/3.jpg\",\"contentUrl\":\"https:\\\/\\\/caminandofronteras.org\\\/wp-content\\\/uploads\\\/2024\\\/01\\\/3.jpg\",\"width\":1920,\"height\":1080},{\"@type\":\"BreadcrumbList\",\"@id\":\"https:\\\/\\\/caminandofronteras.org\\\/fr\\\/monitoreo\\\/suivi-droit-a-la-vie-2023\\\/#breadcrumb\",\"itemListElement\":[{\"@type\":\"ListItem\",\"position\":1,\"name\":\"Portada\",\"item\":\"https:\\\/\\\/caminandofronteras.org\\\/fr\\\/\"},{\"@type\":\"ListItem\",\"position\":2,\"name\":\"Monitoreos\",\"item\":\"https:\\\/\\\/caminandofronteras.org\\\/fr\\\/monitoreo\\\/\"},{\"@type\":\"ListItem\",\"position\":3,\"name\":\"RAPPORT DE SUIVI DU DROIT A LA VIE &#8211; ANN\u00c9E 2023\"}]},{\"@type\":\"WebSite\",\"@id\":\"https:\\\/\\\/caminandofronteras.org\\\/fr\\\/#website\",\"url\":\"https:\\\/\\\/caminandofronteras.org\\\/fr\\\/\",\"name\":\"Caminando Fronteras\",\"description\":\"Construyendo comunidad migrante\",\"publisher\":{\"@id\":\"https:\\\/\\\/caminandofronteras.org\\\/fr\\\/#organization\"},\"potentialAction\":[{\"@type\":\"SearchAction\",\"target\":{\"@type\":\"EntryPoint\",\"urlTemplate\":\"https:\\\/\\\/caminandofronteras.org\\\/fr\\\/?s={search_term_string}\"},\"query-input\":{\"@type\":\"PropertyValueSpecification\",\"valueRequired\":true,\"valueName\":\"search_term_string\"}}],\"inLanguage\":\"fr-FR\"},{\"@type\":\"Organization\",\"@id\":\"https:\\\/\\\/caminandofronteras.org\\\/fr\\\/#organization\",\"name\":\"Caminando Fronteras\",\"url\":\"https:\\\/\\\/caminandofronteras.org\\\/fr\\\/\",\"logo\":{\"@type\":\"ImageObject\",\"inLanguage\":\"fr-FR\",\"@id\":\"https:\\\/\\\/caminandofronteras.org\\\/fr\\\/#\\\/schema\\\/logo\\\/image\\\/\",\"url\":\"https:\\\/\\\/caminandofronteras.org\\\/wp-content\\\/uploads\\\/2020\\\/02\\\/cff-negro.svg\",\"contentUrl\":\"https:\\\/\\\/caminandofronteras.org\\\/wp-content\\\/uploads\\\/2020\\\/02\\\/cff-negro.svg\",\"width\":758,\"height\":320,\"caption\":\"Caminando Fronteras\"},\"image\":{\"@id\":\"https:\\\/\\\/caminandofronteras.org\\\/fr\\\/#\\\/schema\\\/logo\\\/image\\\/\"}}]}<\/script>\n<!-- \/ Yoast SEO plugin. -->","yoast_head_json":{"title":"RAPPORT DE SUIVI DU DROIT A LA VIE - ANN\u00c9E 2023 - Caminando Fronteras","robots":{"index":"index","follow":"follow","max-snippet":"max-snippet:-1","max-image-preview":"max-image-preview:large","max-video-preview":"max-video-preview:-1"},"canonical":"https:\/\/caminandofronteras.org\/fr\/monitoreo\/suivi-droit-a-la-vie-2023\/","og_locale":"fr_FR","og_type":"article","og_title":"RAPPORT DE SUIVI DU DROIT A LA VIE - ANN\u00c9E 2023 - Caminando Fronteras","og_description":"Les donn\u00e9es pr\u00e9sent\u00e9es ci-dessous sont le r\u00e9sultat d&rsquo;un suivi exhaustif r\u00e9alis\u00e9 365 jours par an par notre Collectif dans le cadre de notre Observatoire des droits aux fronti\u00e8res. Les communaut\u00e9s migrantes, les services de secours, les r\u00e9seaux familiaux et les d\u00e9fenseuses des droits humains sur le terrain collectent, comparent et syst\u00e9matisent les informations n\u00e9cessaires. En ... Lire plus","og_url":"https:\/\/caminandofronteras.org\/fr\/monitoreo\/suivi-droit-a-la-vie-2023\/","og_site_name":"Caminando Fronteras","article_modified_time":"2024-02-14T19:16:21+00:00","og_image":[{"width":1920,"height":1080,"url":"https:\/\/caminandofronteras.org\/wp-content\/uploads\/2024\/01\/3.jpg","type":"image\/jpeg"}],"twitter_card":"summary_large_image","twitter_misc":{"Dur\u00e9e de lecture estim\u00e9e":"3 minutes"},"schema":{"@context":"https:\/\/schema.org","@graph":[{"@type":"WebPage","@id":"https:\/\/caminandofronteras.org\/fr\/monitoreo\/suivi-droit-a-la-vie-2023\/","url":"https:\/\/caminandofronteras.org\/fr\/monitoreo\/suivi-droit-a-la-vie-2023\/","name":"RAPPORT DE SUIVI DU DROIT A LA VIE - ANN\u00c9E 2023 - Caminando Fronteras","isPartOf":{"@id":"https:\/\/caminandofronteras.org\/fr\/#website"},"primaryImageOfPage":{"@id":"https:\/\/caminandofronteras.org\/fr\/monitoreo\/suivi-droit-a-la-vie-2023\/#primaryimage"},"image":{"@id":"https:\/\/caminandofronteras.org\/fr\/monitoreo\/suivi-droit-a-la-vie-2023\/#primaryimage"},"thumbnailUrl":"https:\/\/caminandofronteras.org\/wp-content\/uploads\/2024\/01\/3.jpg","datePublished":"2024-01-09T08:00:31+00:00","dateModified":"2024-02-14T19:16:21+00:00","breadcrumb":{"@id":"https:\/\/caminandofronteras.org\/fr\/monitoreo\/suivi-droit-a-la-vie-2023\/#breadcrumb"},"inLanguage":"fr-FR","potentialAction":[{"@type":"ReadAction","target":["https:\/\/caminandofronteras.org\/fr\/monitoreo\/suivi-droit-a-la-vie-2023\/"]}]},{"@type":"ImageObject","inLanguage":"fr-FR","@id":"https:\/\/caminandofronteras.org\/fr\/monitoreo\/suivi-droit-a-la-vie-2023\/#primaryimage","url":"https:\/\/caminandofronteras.org\/wp-content\/uploads\/2024\/01\/3.jpg","contentUrl":"https:\/\/caminandofronteras.org\/wp-content\/uploads\/2024\/01\/3.jpg","width":1920,"height":1080},{"@type":"BreadcrumbList","@id":"https:\/\/caminandofronteras.org\/fr\/monitoreo\/suivi-droit-a-la-vie-2023\/#breadcrumb","itemListElement":[{"@type":"ListItem","position":1,"name":"Portada","item":"https:\/\/caminandofronteras.org\/fr\/"},{"@type":"ListItem","position":2,"name":"Monitoreos","item":"https:\/\/caminandofronteras.org\/fr\/monitoreo\/"},{"@type":"ListItem","position":3,"name":"RAPPORT DE SUIVI DU DROIT A LA VIE &#8211; ANN\u00c9E 2023"}]},{"@type":"WebSite","@id":"https:\/\/caminandofronteras.org\/fr\/#website","url":"https:\/\/caminandofronteras.org\/fr\/","name":"Caminando Fronteras","description":"Construyendo comunidad migrante","publisher":{"@id":"https:\/\/caminandofronteras.org\/fr\/#organization"},"potentialAction":[{"@type":"SearchAction","target":{"@type":"EntryPoint","urlTemplate":"https:\/\/caminandofronteras.org\/fr\/?s={search_term_string}"},"query-input":{"@type":"PropertyValueSpecification","valueRequired":true,"valueName":"search_term_string"}}],"inLanguage":"fr-FR"},{"@type":"Organization","@id":"https:\/\/caminandofronteras.org\/fr\/#organization","name":"Caminando Fronteras","url":"https:\/\/caminandofronteras.org\/fr\/","logo":{"@type":"ImageObject","inLanguage":"fr-FR","@id":"https:\/\/caminandofronteras.org\/fr\/#\/schema\/logo\/image\/","url":"https:\/\/caminandofronteras.org\/wp-content\/uploads\/2020\/02\/cff-negro.svg","contentUrl":"https:\/\/caminandofronteras.org\/wp-content\/uploads\/2020\/02\/cff-negro.svg","width":758,"height":320,"caption":"Caminando Fronteras"},"image":{"@id":"https:\/\/caminandofronteras.org\/fr\/#\/schema\/logo\/image\/"}}]}},"_links":{"self":[{"href":"https:\/\/caminandofronteras.org\/fr\/wp-json\/wp\/v2\/monitoreo\/42322","targetHints":{"allow":["GET"]}}],"collection":[{"href":"https:\/\/caminandofronteras.org\/fr\/wp-json\/wp\/v2\/monitoreo"}],"about":[{"href":"https:\/\/caminandofronteras.org\/fr\/wp-json\/wp\/v2\/types\/monitoreo"}],"author":[{"embeddable":true,"href":"https:\/\/caminandofronteras.org\/fr\/wp-json\/wp\/v2\/users\/9"}],"replies":[{"embeddable":true,"href":"https:\/\/caminandofronteras.org\/fr\/wp-json\/wp\/v2\/comments?post=42322"}],"version-history":[{"count":11,"href":"https:\/\/caminandofronteras.org\/fr\/wp-json\/wp\/v2\/monitoreo\/42322\/revisions"}],"predecessor-version":[{"id":42533,"href":"https:\/\/caminandofronteras.org\/fr\/wp-json\/wp\/v2\/monitoreo\/42322\/revisions\/42533"}],"wp:featuredmedia":[{"embeddable":true,"href":"https:\/\/caminandofronteras.org\/fr\/wp-json\/wp\/v2\/media\/42295"}],"wp:attachment":[{"href":"https:\/\/caminandofronteras.org\/fr\/wp-json\/wp\/v2\/media?parent=42322"}],"wp:term":[{"taxonomy":"category","embeddable":true,"href":"https:\/\/caminandofronteras.org\/fr\/wp-json\/wp\/v2\/categories?post=42322"},{"taxonomy":"post_tag","embeddable":true,"href":"https:\/\/caminandofronteras.org\/fr\/wp-json\/wp\/v2\/tags?post=42322"}],"curies":[{"name":"wp","href":"https:\/\/api.w.org\/{rel}","templated":true}]}}